{"id":455,"date":"2022-03-10T09:53:37","date_gmt":"2022-03-10T09:53:37","guid":{"rendered":"https:\/\/chambreavecvue.ch\/wordpress\/?page_id=455"},"modified":"2022-03-17T12:51:35","modified_gmt":"2022-03-17T12:51:35","slug":"gaestebuch","status":"publish","type":"page","link":"https:\/\/chambreavecvue.ch\/wordpress\/de\/das-haus\/gaestebuch\/","title":{"rendered":"G\u00e4stebuch"},"content":{"rendered":"\n<div class=\"wp-block-group tw-mb-8 tw-mt-0 is-style-twentytwentyone-border has-border-color has-subtle-border-color\" style=\"border-width:1px\"><div class=\"wp-block-group__inner-container is-layout-flow wp-block-group-is-layout-flow\">\n<h2 class=\"has-text-color wp-block-heading\" id=\"pourquoi-rivaz-1\" style=\"color:#88aaaa\">G\u00e4stebuch<\/h2>\n\n\n\n<div class=\"wp-block-columns is-layout-flex wp-container-core-columns-is-layout-d0b3c9c8 wp-block-columns-is-layout-flex\">\n<div class=\"wp-block-column is-layout-flow wp-block-column-is-layout-flow\" style=\"--col-width:66.66%;flex-basis:66.66%\">\n<h3 class=\"has-text-color wp-block-heading\" style=\"color:#bcbcbc\">\u00ab&nbsp;Ein St\u00fcck Himmel auf Erden&nbsp;\u00bb<\/h3>\n\n\n\n<h3 class=\"tw-mt-8 has-text-color wp-block-heading\" style=\"color:#bcbcbc\">\u00ab Eine Aussicht wie eine grosse Postkarte&nbsp;\u00bb<\/h3>\n<\/div>\n\n\n\n<div class=\"wp-block-column is-layout-flow wp-block-column-is-layout-flow\" style=\"--col-width:33.33%;flex-basis:33.33%\">\n<figure class=\"wp-block-image size-large\"><a href=\"https:\/\/chambreavecvue.ch\/wordpress\/wp-content\/uploads\/2022\/03\/LivreDOr_03.jpg\"><img loading=\"lazy\" decoding=\"async\" width=\"768\" height=\"1024\" src=\"https:\/\/chambreavecvue.ch\/wordpress\/wp-content\/uploads\/2022\/03\/LivreDOr_03-768x1024.jpg\" alt=\"\" class=\"wp-image-611\" srcset=\"https:\/\/chambreavecvue.ch\/wordpress\/wp-content\/uploads\/2022\/03\/LivreDOr_03-768x1024.jpg 768w, https:\/\/chambreavecvue.ch\/wordpress\/wp-content\/uploads\/2022\/03\/LivreDOr_03-225x300.jpg 225w, https:\/\/chambreavecvue.ch\/wordpress\/wp-content\/uploads\/2022\/03\/LivreDOr_03-1152x1536.jpg 1152w, https:\/\/chambreavecvue.ch\/wordpress\/wp-content\/uploads\/2022\/03\/LivreDOr_03.jpg 1200w\" sizes=\"auto, (max-width: 768px) 100vw, 768px\" \/><\/a><\/figure>\n<\/div>\n<\/div>\n\n\n\n<div class=\"wp-block-columns is-layout-flex wp-container-core-columns-is-layout-d0b3c9c8 wp-block-columns-is-layout-flex\">\n<div class=\"wp-block-column is-layout-flow wp-block-column-is-layout-flow\" style=\"--col-width:33.33%;flex-basis:33.33%\">\n<figure class=\"wp-block-image size-large\"><a href=\"https:\/\/chambreavecvue.ch\/wordpress\/wp-content\/uploads\/2022\/03\/LivreDOr_01.jpg\"><img loading=\"lazy\" decoding=\"async\" width=\"768\" height=\"1024\" src=\"https:\/\/chambreavecvue.ch\/wordpress\/wp-content\/uploads\/2022\/03\/LivreDOr_01-768x1024.jpg\" alt=\"\" class=\"wp-image-614\" srcset=\"https:\/\/chambreavecvue.ch\/wordpress\/wp-content\/uploads\/2022\/03\/LivreDOr_01-768x1024.jpg 768w, https:\/\/chambreavecvue.ch\/wordpress\/wp-content\/uploads\/2022\/03\/LivreDOr_01-225x300.jpg 225w, https:\/\/chambreavecvue.ch\/wordpress\/wp-content\/uploads\/2022\/03\/LivreDOr_01-1152x1536.jpg 1152w, https:\/\/chambreavecvue.ch\/wordpress\/wp-content\/uploads\/2022\/03\/LivreDOr_01.jpg 1200w\" sizes=\"auto, (max-width: 768px) 100vw, 768px\" \/><\/a><\/figure>\n<\/div>\n\n\n\n<div class=\"wp-block-column is-vertically-aligned-center is-layout-flow wp-block-column-is-layout-flow\" style=\"--col-width:66.66%;flex-basis:66.66%\">\n<h3 class=\"has-text-color wp-block-heading\" style=\"color:#bcbcbc\">\u00ab Jeder Tag wie ein Sonntag&nbsp;\u00bb<\/h3>\n<\/div>\n<\/div>\n<\/div><\/div>\n\n\n\nngg_shortcode_0_placeholder\n","protected":false},"excerpt":{"rendered":"<p>G\u00e4stebuch \u00ab&nbsp;Ein St\u00fcck Himmel auf Erden&nbsp;\u00bb \u00ab Eine Aussicht wie eine grosse Postkarte&nbsp;\u00bb \u00ab Jeder Tag wie ein Sonntag&nbsp;\u00bb<\/p>\n","protected":false},"author":1,"featured_media":0,"parent":223,"menu_order":0,"comment_status":"closed","ping_status":"closed","template":"tw-no-title.php","meta":{"ngg_post_thumbnail":0,"footnotes":"","_links_to":"","_links_to_target":""},"class_list":["post-455","page","type-page","status-publish","hentry","entry"],"yoast_head":"<!-- This site is optimized with the Yoast SEO plugin v27.5 - https:\/\/yoast.com\/product\/yoast-seo-wordpress\/ -->\n<title>G\u00e4stebuch - Chambre avec vue<\/title>\n<meta name=\"description\" content=\"Wir freuen uns immer \u00fcber die netten Worte, die unsere G\u00e4ste am Ende ihres Aufenthalts in das G\u00e4stebuch schreiben.\" \/>\n<meta name=\"robots\" content=\"index, follow, max-snippet:-1, max-image-preview:large, max-video-preview:-1\" \/>\n<link rel=\"canonical\" href=\"https:\/\/chambreavecvue.ch\/wordpress\/de\/das-haus\/gaestebuch\/\" \/>\n<meta property=\"og:locale\" content=\"fr_FR\" \/>\n<meta property=\"og:type\" content=\"article\" \/>\n<meta property=\"og:title\" content=\"G\u00e4stebuch - Chambre avec vue\" \/>\n<meta property=\"og:description\" content=\"Wir freuen uns immer \u00fcber die netten Worte, die unsere G\u00e4ste am Ende ihres Aufenthalts in das G\u00e4stebuch schreiben.\" \/>\n<meta property=\"og:url\" content=\"https:\/\/chambreavecvue.ch\/wordpress\/de\/das-haus\/gaestebuch\/\" \/>\n<meta property=\"og:site_name\" content=\"Chambre avec vue\" \/>\n<meta property=\"article:modified_time\" content=\"2022-03-17T12:51:35+00:00\" \/>\n<meta property=\"og:image\" content=\"https:\/\/chambreavecvue.ch\/wordpress\/wp-content\/uploads\/2022\/03\/LivreDOr_03-768x1024.jpg\" \/>\n<meta name=\"twitter:card\" content=\"summary_large_image\" \/>\n<meta name=\"twitter:label1\" content=\"Dur\u00e9e de lecture estim\u00e9e\" \/>\n\t<meta name=\"twitter:data1\" content=\"1 minute\" \/>\n<script type=\"application\/ld+json\" class=\"yoast-schema-graph\">{\"@context\":\"https:\\\/\\\/schema.org\",\"@graph\":[{\"@type\":\"WebPage\",\"@id\":\"https:\\\/\\\/chambreavecvue.ch\\\/wordpress\\\/de\\\/das-haus\\\/gaestebuch\\\/\",\"url\":\"https:\\\/\\\/chambreavecvue.ch\\\/wordpress\\\/de\\\/das-haus\\\/gaestebuch\\\/\",\"name\":\"G\u00e4stebuch - Chambre avec vue\",\"isPartOf\":{\"@id\":\"https:\\\/\\\/chambreavecvue.ch\\\/wordpress\\\/#website\"},\"primaryImageOfPage\":{\"@id\":\"https:\\\/\\\/chambreavecvue.ch\\\/wordpress\\\/de\\\/das-haus\\\/gaestebuch\\\/#primaryimage\"},\"image\":{\"@id\":\"https:\\\/\\\/chambreavecvue.ch\\\/wordpress\\\/de\\\/das-haus\\\/gaestebuch\\\/#primaryimage\"},\"thumbnailUrl\":\"https:\\\/\\\/chambreavecvue.ch\\\/wordpress\\\/wp-content\\\/uploads\\\/2022\\\/03\\\/LivreDOr_03-768x1024.jpg\",\"datePublished\":\"2022-03-10T09:53:37+00:00\",\"dateModified\":\"2022-03-17T12:51:35+00:00\",\"description\":\"Wir freuen uns immer \u00fcber die netten Worte, die unsere G\u00e4ste am Ende ihres Aufenthalts in das G\u00e4stebuch schreiben.\",\"breadcrumb\":{\"@id\":\"https:\\\/\\\/chambreavecvue.ch\\\/wordpress\\\/de\\\/das-haus\\\/gaestebuch\\\/#breadcrumb\"},\"inLanguage\":\"fr-FR\",\"potentialAction\":[{\"@type\":\"ReadAction\",\"target\":[\"https:\\\/\\\/chambreavecvue.ch\\\/wordpress\\\/de\\\/das-haus\\\/gaestebuch\\\/\"]}]},{\"@type\":\"ImageObject\",\"inLanguage\":\"fr-FR\",\"@id\":\"https:\\\/\\\/chambreavecvue.ch\\\/wordpress\\\/de\\\/das-haus\\\/gaestebuch\\\/#primaryimage\",\"url\":\"https:\\\/\\\/chambreavecvue.ch\\\/wordpress\\\/wp-content\\\/uploads\\\/2022\\\/03\\\/LivreDOr_03.jpg\",\"contentUrl\":\"https:\\\/\\\/chambreavecvue.ch\\\/wordpress\\\/wp-content\\\/uploads\\\/2022\\\/03\\\/LivreDOr_03.jpg\",\"width\":1200,\"height\":1600},{\"@type\":\"BreadcrumbList\",\"@id\":\"https:\\\/\\\/chambreavecvue.ch\\\/wordpress\\\/de\\\/das-haus\\\/gaestebuch\\\/#breadcrumb\",\"itemListElement\":[{\"@type\":\"ListItem\",\"position\":1,\"name\":\"Home\",\"item\":\"https:\\\/\\\/chambreavecvue.ch\\\/wordpress\\\/\"},{\"@type\":\"ListItem\",\"position\":2,\"name\":\"Das Haus\",\"item\":\"https:\\\/\\\/chambreavecvue.ch\\\/wordpress\\\/de\\\/das-haus\\\/\"},{\"@type\":\"ListItem\",\"position\":3,\"name\":\"G\u00e4stebuch\"}]},{\"@type\":\"WebSite\",\"@id\":\"https:\\\/\\\/chambreavecvue.ch\\\/wordpress\\\/#website\",\"url\":\"https:\\\/\\\/chambreavecvue.ch\\\/wordpress\\\/\",\"name\":\"Chambre avec vue\",\"description\":\"Location de vacances en Lavaux\",\"publisher\":{\"@id\":\"https:\\\/\\\/chambreavecvue.ch\\\/wordpress\\\/#organization\"},\"potentialAction\":[{\"@type\":\"SearchAction\",\"target\":{\"@type\":\"EntryPoint\",\"urlTemplate\":\"https:\\\/\\\/chambreavecvue.ch\\\/wordpress\\\/?s={search_term_string}\"},\"query-input\":{\"@type\":\"PropertyValueSpecification\",\"valueRequired\":true,\"valueName\":\"search_term_string\"}}],\"inLanguage\":\"fr-FR\"},{\"@type\":\"Organization\",\"@id\":\"https:\\\/\\\/chambreavecvue.ch\\\/wordpress\\\/#organization\",\"name\":\"Chambre avec vue\",\"url\":\"https:\\\/\\\/chambreavecvue.ch\\\/wordpress\\\/\",\"logo\":{\"@type\":\"ImageObject\",\"inLanguage\":\"fr-FR\",\"@id\":\"https:\\\/\\\/chambreavecvue.ch\\\/wordpress\\\/#\\\/schema\\\/logo\\\/image\\\/\",\"url\":\"https:\\\/\\\/chambreavecvue.ch\\\/wordpress\\\/wp-content\\\/uploads\\\/2022\\\/02\\\/chambreavecvue_logo_clr.png\",\"contentUrl\":\"https:\\\/\\\/chambreavecvue.ch\\\/wordpress\\\/wp-content\\\/uploads\\\/2022\\\/02\\\/chambreavecvue_logo_clr.png\",\"width\":800,\"height\":473,\"caption\":\"Chambre avec vue\"},\"image\":{\"@id\":\"https:\\\/\\\/chambreavecvue.ch\\\/wordpress\\\/#\\\/schema\\\/logo\\\/image\\\/\"},\"sameAs\":[\"https:\\\/\\\/www.instagram.com\\\/chambreavecvue.ch\"]}]}<\/script>\n<!-- \/ Yoast SEO plugin. -->","yoast_head_json":{"title":"G\u00e4stebuch - Chambre avec vue","description":"Wir freuen uns immer \u00fcber die netten Worte, die unsere G\u00e4ste am Ende ihres Aufenthalts in das G\u00e4stebuch schreiben.","robots":{"index":"index","follow":"follow","max-snippet":"max-snippet:-1","max-image-preview":"max-image-preview:large","max-video-preview":"max-video-preview:-1"},"canonical":"https:\/\/chambreavecvue.ch\/wordpress\/de\/das-haus\/gaestebuch\/","og_locale":"fr_FR","og_type":"article","og_title":"G\u00e4stebuch - Chambre avec vue","og_description":"Wir freuen uns immer \u00fcber die netten Worte, die unsere G\u00e4ste am Ende ihres Aufenthalts in das G\u00e4stebuch schreiben.","og_url":"https:\/\/chambreavecvue.ch\/wordpress\/de\/das-haus\/gaestebuch\/","og_site_name":"Chambre avec vue","article_modified_time":"2022-03-17T12:51:35+00:00","og_image":[{"url":"https:\/\/chambreavecvue.ch\/wordpress\/wp-content\/uploads\/2022\/03\/LivreDOr_03-768x1024.jpg","type":"","width":"","height":""}],"twitter_card":"summary_large_image","twitter_misc":{"Dur\u00e9e de lecture estim\u00e9e":"1 minute"},"schema":{"@context":"https:\/\/schema.org","@graph":[{"@type":"WebPage","@id":"https:\/\/chambreavecvue.ch\/wordpress\/de\/das-haus\/gaestebuch\/","url":"https:\/\/chambreavecvue.ch\/wordpress\/de\/das-haus\/gaestebuch\/","name":"G\u00e4stebuch - Chambre avec vue","isPartOf":{"@id":"https:\/\/chambreavecvue.ch\/wordpress\/#website"},"primaryImageOfPage":{"@id":"https:\/\/chambreavecvue.ch\/wordpress\/de\/das-haus\/gaestebuch\/#primaryimage"},"image":{"@id":"https:\/\/chambreavecvue.ch\/wordpress\/de\/das-haus\/gaestebuch\/#primaryimage"},"thumbnailUrl":"https:\/\/chambreavecvue.ch\/wordpress\/wp-content\/uploads\/2022\/03\/LivreDOr_03-768x1024.jpg","datePublished":"2022-03-10T09:53:37+00:00","dateModified":"2022-03-17T12:51:35+00:00","description":"Wir freuen uns immer \u00fcber die netten Worte, die unsere G\u00e4ste am Ende ihres Aufenthalts in das G\u00e4stebuch schreiben.","breadcrumb":{"@id":"https:\/\/chambreavecvue.ch\/wordpress\/de\/das-haus\/gaestebuch\/#breadcrumb"},"inLanguage":"fr-FR","potentialAction":[{"@type":"ReadAction","target":["https:\/\/chambreavecvue.ch\/wordpress\/de\/das-haus\/gaestebuch\/"]}]},{"@type":"ImageObject","inLanguage":"fr-FR","@id":"https:\/\/chambreavecvue.ch\/wordpress\/de\/das-haus\/gaestebuch\/#primaryimage","url":"https:\/\/chambreavecvue.ch\/wordpress\/wp-content\/uploads\/2022\/03\/LivreDOr_03.jpg","contentUrl":"https:\/\/chambreavecvue.ch\/wordpress\/wp-content\/uploads\/2022\/03\/LivreDOr_03.jpg","width":1200,"height":1600},{"@type":"BreadcrumbList","@id":"https:\/\/chambreavecvue.ch\/wordpress\/de\/das-haus\/gaestebuch\/#breadcrumb","itemListElement":[{"@type":"ListItem","position":1,"name":"Home","item":"https:\/\/chambreavecvue.ch\/wordpress\/"},{"@type":"ListItem","position":2,"name":"Das Haus","item":"https:\/\/chambreavecvue.ch\/wordpress\/de\/das-haus\/"},{"@type":"ListItem","position":3,"name":"G\u00e4stebuch"}]},{"@type":"WebSite","@id":"https:\/\/chambreavecvue.ch\/wordpress\/#website","url":"https:\/\/chambreavecvue.ch\/wordpress\/","name":"Chambre avec vue","description":"Location de vacances en Lavaux","publisher":{"@id":"https:\/\/chambreavecvue.ch\/wordpress\/#organization"},"potentialAction":[{"@type":"SearchAction","target":{"@type":"EntryPoint","urlTemplate":"https:\/\/chambreavecvue.ch\/wordpress\/?s={search_term_string}"},"query-input":{"@type":"PropertyValueSpecification","valueRequired":true,"valueName":"search_term_string"}}],"inLanguage":"fr-FR"},{"@type":"Organization","@id":"https:\/\/chambreavecvue.ch\/wordpress\/#organization","name":"Chambre avec vue","url":"https:\/\/chambreavecvue.ch\/wordpress\/","logo":{"@type":"ImageObject","inLanguage":"fr-FR","@id":"https:\/\/chambreavecvue.ch\/wordpress\/#\/schema\/logo\/image\/","url":"https:\/\/chambreavecvue.ch\/wordpress\/wp-content\/uploads\/2022\/02\/chambreavecvue_logo_clr.png","contentUrl":"https:\/\/chambreavecvue.ch\/wordpress\/wp-content\/uploads\/2022\/02\/chambreavecvue_logo_clr.png","width":800,"height":473,"caption":"Chambre avec vue"},"image":{"@id":"https:\/\/chambreavecvue.ch\/wordpress\/#\/schema\/logo\/image\/"},"sameAs":["https:\/\/www.instagram.com\/chambreavecvue.ch"]}]}},"_links":{"self":[{"href":"https:\/\/chambreavecvue.ch\/wordpress\/wp-json\/wp\/v2\/pages\/455","targetHints":{"allow":["GET"]}}],"collection":[{"href":"https:\/\/chambreavecvue.ch\/wordpress\/wp-json\/wp\/v2\/pages"}],"about":[{"href":"https:\/\/chambreavecvue.ch\/wordpress\/wp-json\/wp\/v2\/types\/page"}],"author":[{"embeddable":true,"href":"https:\/\/chambreavecvue.ch\/wordpress\/wp-json\/wp\/v2\/users\/1"}],"replies":[{"embeddable":true,"href":"https:\/\/chambreavecvue.ch\/wordpress\/wp-json\/wp\/v2\/comments?post=455"}],"version-history":[{"count":3,"href":"https:\/\/chambreavecvue.ch\/wordpress\/wp-json\/wp\/v2\/pages\/455\/revisions"}],"predecessor-version":[{"id":626,"href":"https:\/\/chambreavecvue.ch\/wordpress\/wp-json\/wp\/v2\/pages\/455\/revisions\/626"}],"up":[{"embeddable":true,"href":"https:\/\/chambreavecvue.ch\/wordpress\/wp-json\/wp\/v2\/pages\/223"}],"wp:attachment":[{"href":"https:\/\/chambreavecvue.ch\/wordpress\/wp-json\/wp\/v2\/media?parent=455"}],"curies":[{"name":"wp","href":"https:\/\/api.w.org\/{rel}","templated":true}]}}